{"id":74,"date":"2012-02-06T16:55:50","date_gmt":"2012-02-06T16:55:50","guid":{"rendered":"http:\/\/fotoaragon.unizar.es\/?page_id=74"},"modified":"2026-02-26T16:57:05","modified_gmt":"2026-02-26T16:57:05","slug":"biblioteca-digital","status":"publish","type":"page","link":"http:\/\/fotoaragon.cesar.unizar.es\/?page_id=74","title":{"rendered":"Acerca del investigador"},"content":{"rendered":"<p style=\"text-align: left;\"><img loading=\"lazy\" decoding=\"async\" class=\"alignleft  wp-image-1819\" src=\"http:\/\/fotoaragon.cesar.unizar.es\/wp-content\/uploads\/2012\/02\/ose-antonio-hernandez-latas-2018.jpg\" alt=\"cof\" width=\"114\" height=\"163\" \/>\u00a0\u00a0\u00a0\u00a0\u00a0\u00a0\u00a0\u00a0\u00a0\u00a0\u00a0\u00a0\u00a0\u00a0\u00a0\u00a0\u00a0\u00a0\u00a0\u00a0\u00a0\u00a0\u00a0\u00a0\u00a0\u00a0\u00a0\u00a0\u00a0\u00a0\u00a0\u00a0\u00a0\u00a0\u00a0\u00a0\u00a0\u00a0\u00a0\u00a0\u00a0\u00a0\u00a0\u00a0\u00a0\u00a0\u00a0\u00a0\u00a0\u00a0\u00a0\u00a0\u00a0\u00a0\u00a0\u00a0\u00a0\u00a0\u00a0\u00a0\u00a0\u00a0\u00a0\u00a0\u00a0\u00a0\u00a0\u00a0\u00a0\u00a0\u00a0\u00a0\u00a0\u00a0\u00a0\u00a0\u00a0\u00a0\u00a0\u00a0\u00a0\u00a0\u00a0\u00a0\u00a0\u00a0\u00a0\u00a0\u00a0\u00a0\u00a0\u00a0\u00a0\u00a0\u00a0\u00a0\u00a0<a href=\"http:\/\/www.araid.es\" target=\"_blank\" rel=\"noopener noreferrer\"><img loading=\"lazy\" decoding=\"async\" class=\" wp-image-759 alignnone\" src=\"http:\/\/fotoaragon.cesar.unizar.es\/wp-content\/uploads\/2012\/02\/RAID-copia.jpg\" alt=\"RAID - copia\" width=\"146\" height=\"79\" \/><\/a>\u00a0 \u00a0\u00a0<a href=\"http:\/\/www.unizar.es\" target=\"_blank\" rel=\"noopener noreferrer\"><img loading=\"lazy\" decoding=\"async\" class=\" wp-image-756 alignnone\" src=\"http:\/\/fotoaragon.cesar.unizar.es\/wp-content\/uploads\/2012\/02\/nizar.png\" alt=\"nizar\" width=\"155\" height=\"47\" \/><\/a>\u00a0\u00a0\u00a0 \u00a0\u00a0 <a href=\"https:\/\/oaaep.unizar.es\/\" target=\"_blank\" rel=\"noopener noreferrer\"><img loading=\"lazy\" decoding=\"async\" class=\"wp-image-755 alignnone\" style=\"width: 90px; height: 50px;\" src=\"http:\/\/fotoaragon.cesar.unizar.es\/wp-content\/uploads\/2012\/02\/ogo.png\" alt=\"ogo\" width=\"87\" height=\"46\" \/><\/a><\/p>\n<p>Jos\u00e9 Antonio Hern\u00e1ndez Latas<br \/>\n(Zaragoza, 1967)<\/p>\n<p>Personal Investigador de la fundaci\u00f3n Agencia Aragonesa para la Investigaci\u00f3n y el Desarrollo (ARAID) en la Universidad de Zaragoza y miembro del grupo de investigaci\u00f3n reconocido \u00abObservatorio Aragon\u00e9s de Arte en la Esfera P\u00fablica\u00bb (OAAEP) desde el a\u00f1o 2009. Doctor en Historia del Arte (2002) por \u00a0su tesis doctoral \u00abVida y obra del pintor Bernardino Monta\u00f1\u00e9s (1825-1893)\u00bb, que obtuvo por unanimidad la calificaci\u00f3n de Sobresaliente Cum Laude. Ha sido becario de investigaci\u00f3n del Ministerio de Asuntos Exteriores en la Academia de Espa\u00f1a en Roma (1996) e Investigador del Programa Ram\u00f3n y Cajal en la Escuela Superior de Arquitectura de la Universidad de Alcal\u00e1 de Henares (2003-2008). Desde 2008 est\u00e1 acreditado por la ANECA como Profesor Titular de Universidad. Y el a\u00f1o 2010 obtuvo la Certificaci\u00f3n Favorable del Programa I3, concedido por el Ministerio de Ciencia e Innovaci\u00f3n que avala una trayectoria de investigaci\u00f3n contrastada y de calidad a efectos de su contrataci\u00f3n estable por Organismos y Centros de Investigaci\u00f3n P\u00fablicos. Entre 2015 y 2025 ha dirigido seis ediciones de las <em>Jornadas sobre Investigaci\u00f3n en Historia de la Fotograf\u00eda<\/em>, encuentro internacional que se celebra bienalmente en la Instituci\u00f3n \u00abFernando el Cat\u00f3lico\u00bb (CSIC) de Zaragoza. Autor de numerosos libros, art\u00edculos y comisario de exposiciones, en la actualidad y desde hace unos a\u00f1os, dedica su labor investigadora a la recuperaci\u00f3n, estudio y puesta en valor del patrimonio fotogr\u00e1fico hist\u00f3rico, 1839-1939.<\/p>\n","protected":false},"excerpt":{"rendered":"<p>\u00a0\u00a0\u00a0\u00a0\u00a0\u00a0\u00a0\u00a0\u00a0\u00a0\u00a0\u00a0\u00a0\u00a0\u00a0\u00a0\u00a0\u00a0\u00a0\u00a0\u00a0\u00a0\u00a0\u00a0\u00a0\u00a0\u00a0\u00a0\u00a0\u00a0\u00a0\u00a0\u00a0\u00a0\u00a0\u00a0\u00a0\u00a0\u00a0\u00a0\u00a0\u00a0\u00a0\u00a0\u00a0\u00a0\u00a0\u00a0\u00a0\u00a0\u00a0\u00a0\u00a0\u00a0\u00a0\u00a0\u00a0\u00a0\u00a0\u00a0\u00a0\u00a0\u00a0\u00a0\u00a0\u00a0\u00a0\u00a0\u00a0\u00a0\u00a0\u00a0\u00a0\u00a0\u00a0\u00a0\u00a0\u00a0\u00a0\u00a0\u00a0\u00a0\u00a0\u00a0\u00a0\u00a0\u00a0\u00a0\u00a0\u00a0\u00a0\u00a0\u00a0\u00a0\u00a0\u00a0\u00a0\u00a0 \u00a0\u00a0\u00a0\u00a0\u00a0 \u00a0\u00a0 Jos\u00e9 Antonio Hern\u00e1ndez Latas (Zaragoza, 1967) Personal Investigador de la fundaci\u00f3n Agencia Aragonesa para la Investigaci\u00f3n y el Desarrollo (ARAID) en la Universidad de Zaragoza y miembro del grupo de investigaci\u00f3n reconocido \u00abObservatorio Aragon\u00e9s de Arte en la Esfera P\u00fablica\u00bb (OAAEP) desde el a\u00f1o 2009. Doctor en Historia del Arte (2002) por [&hellip;]<\/p>\n","protected":false},"author":1,"featured_media":0,"parent":0,"menu_order":4,"comment_status":"closed","ping_status":"closed","template":"home-panels.php","meta":{"footnotes":""},"class_list":["post-74","page","type-page","status-publish","hentry"],"_links":{"self":[{"href":"http:\/\/fotoaragon.cesar.unizar.es\/index.php?rest_route=\/wp\/v2\/pages\/74","targetHints":{"allow":["GET"]}}],"collection":[{"href":"http:\/\/fotoaragon.cesar.unizar.es\/index.php?rest_route=\/wp\/v2\/pages"}],"about":[{"href":"http:\/\/fotoaragon.cesar.unizar.es\/index.php?rest_route=\/wp\/v2\/types\/page"}],"author":[{"embeddable":true,"href":"http:\/\/fotoaragon.cesar.unizar.es\/index.php?rest_route=\/wp\/v2\/users\/1"}],"replies":[{"embeddable":true,"href":"http:\/\/fotoaragon.cesar.unizar.es\/index.php?rest_route=%2Fwp%2Fv2%2Fcomments&post=74"}],"version-history":[{"count":42,"href":"http:\/\/fotoaragon.cesar.unizar.es\/index.php?rest_route=\/wp\/v2\/pages\/74\/revisions"}],"predecessor-version":[{"id":4359,"href":"http:\/\/fotoaragon.cesar.unizar.es\/index.php?rest_route=\/wp\/v2\/pages\/74\/revisions\/4359"}],"wp:attachment":[{"href":"http:\/\/fotoaragon.cesar.unizar.es\/index.php?rest_route=%2Fwp%2Fv2%2Fmedia&parent=74"}],"curies":[{"name":"wp","href":"https:\/\/api.w.org\/{rel}","templated":true}]}}